{"id":738,"date":"2020-09-22T20:41:52","date_gmt":"2020-09-22T20:41:52","guid":{"rendered":"https:\/\/www.cuencasmineras.com\/?page_id=738"},"modified":"2020-09-30T16:41:42","modified_gmt":"2020-09-30T16:41:42","slug":"centros-educativos-aller","status":"publish","type":"page","link":"https:\/\/www.cuencasmineras.com\/index.php\/centros-educativos-aller\/","title":{"rendered":"Centros Educativos Aller"},"content":{"rendered":"<div class=\"wpb_text_column wpb_content_element \">\n<h2 class=\"wpb_wrapper\"><strong>Relaci\u00f3n de centros escolares y de educaci\u00f3n de Aller:<\/strong><\/h2>\n<\/div>\n<ul>\n<li><a href=\"https:\/\/www.educastur.es\/directorio-de-centros?p_p_id=directoriocentros_WAR_educasturconsultasportlet&amp;p_p_lifecycle=0&amp;p_p_state=normal&amp;p_p_mode=view&amp;p_p_col_id=column-1&amp;p_p_col_pos=1&amp;p_p_col_count=3&amp;_directoriocentros_WAR_educasturconsultasportlet_mvcPath=%2Fhtml%2Fdirectoriocentros%2Fdatoscentro.jsp&amp;_directoriocentros_WAR_educasturconsultasportlet_centro_id=33029287\" target=\"_blank\" rel=\"noopener noreferrer\">CP. Bello<\/a> (Bello)<\/li>\n<li><a href=\"https:\/\/www.educastur.es\/directorio-de-centros?p_p_id=directoriocentros_WAR_educasturconsultasportlet&amp;p_p_lifecycle=0&amp;p_p_state=normal&amp;p_p_mode=view&amp;p_p_col_id=column-1&amp;p_p_col_pos=1&amp;p_p_col_count=3&amp;_directoriocentros_WAR_educasturconsultasportlet_mvcPath=%2Fhtml%2Fdirectoriocentros%2Fdatoscentro.jsp&amp;_directoriocentros_WAR_educasturconsultasportlet_centro_id=33027357\" target=\"_blank\" rel=\"noopener noreferrer\">CPEB Caba\u00f1aquinta<\/a> (Caba\u00f1aquinta)<\/li>\n<li><a href=\"https:\/\/www.educastur.es\/directorio-de-centros?p_p_id=directoriocentros_WAR_educasturconsultasportlet&amp;p_p_lifecycle=0&amp;p_p_state=normal&amp;p_p_mode=view&amp;p_p_col_id=column-1&amp;p_p_col_pos=1&amp;p_p_col_count=3&amp;_directoriocentros_WAR_educasturconsultasportlet_mvcPath=%2Fhtml%2Fdirectoriocentros%2Fdatoscentro.jsp&amp;_directoriocentros_WAR_educasturconsultasportlet_centro_id=33027990\" target=\"_blank\" rel=\"noopener noreferrer\">CRA Maestro Don jos\u00e9 A. Robles<\/a> (Caborana)<\/li>\n<li><a href=\"https:\/\/www.educastur.es\/directorio-de-centros?p_p_id=directoriocentros_WAR_educasturconsultasportlet&amp;p_p_lifecycle=0&amp;p_p_state=normal&amp;p_p_mode=view&amp;p_p_col_id=column-1&amp;p_p_col_pos=1&amp;p_p_col_count=3&amp;_directoriocentros_WAR_educasturconsultasportlet_mvcPath=%2Fhtml%2Fdirectoriocentros%2Fdatoscentro.jsp&amp;_directoriocentros_WAR_educasturconsultasportlet_centro_id=33000704\" target=\"_blank\" rel=\"noopener noreferrer\">CP. San Pedro<\/a> (El Escobio)<\/li>\n<li><a href=\"https:\/\/www.educastur.es\/directorio-de-centros?p_p_id=directoriocentros_WAR_educasturconsultasportlet&amp;p_p_lifecycle=0&amp;p_p_state=normal&amp;p_p_mode=view&amp;p_p_col_id=column-1&amp;p_p_col_pos=1&amp;p_p_col_count=3&amp;_directoriocentros_WAR_educasturconsultasportlet_mvcPath=%2Fhtml%2Fdirectoriocentros%2Fdatoscentro.jsp&amp;_directoriocentros_WAR_educasturconsultasportlet_centro_id=33000649\" target=\"_blank\" rel=\"noopener noreferrer\">CP. Felechosa<\/a> (Felechosa)<\/li>\n<li><a href=\"https:\/\/www.educastur.es\/directorio-de-centros?p_p_id=directoriocentros_WAR_educasturconsultasportlet&amp;p_p_lifecycle=0&amp;p_p_state=normal&amp;p_p_mode=view&amp;p_p_col_id=column-1&amp;p_p_col_pos=1&amp;p_p_col_count=3&amp;_directoriocentros_WAR_educasturconsultasportlet_mvcPath=%2Fhtml%2Fdirectoriocentros%2Fdatoscentro.jsp&amp;_directoriocentros_WAR_educasturconsultasportlet_centro_id=33000467\" target=\"_blank\" rel=\"noopener noreferrer\">CP. Moreda<\/a> (Moreda)<\/li>\n<li><a href=\"https:\/\/www.educastur.es\/directorio-de-centros?p_p_id=directoriocentros_WAR_educasturconsultasportlet&amp;p_p_lifecycle=0&amp;p_p_state=normal&amp;p_p_mode=view&amp;p_p_col_id=column-1&amp;p_p_col_pos=1&amp;p_p_col_count=3&amp;_directoriocentros_WAR_educasturconsultasportlet_mvcPath=%2Fhtml%2Fdirectoriocentros%2Fdatoscentro.jsp&amp;_directoriocentros_WAR_educasturconsultasportlet_centro_id=33028295\" target=\"_blank\" rel=\"noopener noreferrer\">EEI Ayalgas<\/a> (Moreda)<\/li>\n<li><a href=\"https:\/\/www.educastur.es\/directorio-de-centros?p_p_id=directoriocentros_WAR_educasturconsultasportlet&amp;p_p_lifecycle=0&amp;p_p_state=normal&amp;p_p_mode=view&amp;p_p_col_id=column-1&amp;p_p_col_pos=1&amp;p_p_col_count=3&amp;_directoriocentros_WAR_educasturconsultasportlet_mvcPath=%2Fhtml%2Fdirectoriocentros%2Fdatoscentro.jsp&amp;_directoriocentros_WAR_educasturconsultasportlet_centro_id=33023649\" target=\"_blank\" rel=\"noopener noreferrer\">IES Valle de Aller<\/a> (Moreda)<\/li>\n<li><a href=\"https:\/\/www.educastur.es\/directorio-de-centros?p_p_id=directoriocentros_WAR_educasturconsultasportlet&amp;p_p_lifecycle=0&amp;p_p_state=normal&amp;p_p_mode=view&amp;p_p_col_id=column-1&amp;p_p_col_pos=1&amp;p_p_col_count=3&amp;_directoriocentros_WAR_educasturconsultasportlet_mvcPath=%2Fhtml%2Fdirectoriocentros%2Fdatoscentro.jsp&amp;_directoriocentros_WAR_educasturconsultasportlet_centro_id=33000522\" target=\"_blank\" rel=\"noopener noreferrer\">CP. Santa B\u00e1rbara<\/a> (Oyanco)<\/li>\n<\/ul>\n","protected":false},"excerpt":{"rendered":"<p>Relaci\u00f3n de centros escolares y de educaci\u00f3n de Aller: CP. Bello (Bello) CPEB Caba\u00f1aquinta (Caba\u00f1aquinta) CRA Maestro Don jos\u00e9 A. Robles (Caborana) CP. San Pedro (El Escobio) CP. Felechosa (Felechosa) CP. Moreda (Moreda) EEI Ayalgas (Moreda) IES Valle de Aller (Moreda) CP. Santa B\u00e1rbara (Oyanco)<\/p>\n","protected":false},"author":1,"featured_media":1045,"parent":0,"menu_order":0,"comment_status":"closed","ping_status":"closed","template":"","meta":{"footnotes":""},"class_list":["post-738","page","type-page","status-publish","has-post-thumbnail","hentry"],"yoast_head":"<!-- This site is optimized with the Yoast SEO plugin v27.4 - https:\/\/yoast.com\/product\/yoast-seo-wordpress\/ -->\n<title>Centros Educativos Aller - CuencasMineras.com<\/title>\n<meta name=\"description\" content=\"Estos son los tel\u00e9fonos y direcciones los centros educativos y\/o escuelas del concejo de Aller.\" \/>\n<meta name=\"robots\" content=\"index, follow, max-snippet:-1, max-image-preview:large, max-video-preview:-1\" \/>\n<link rel=\"canonical\" href=\"https:\/\/www.cuencasmineras.com\/index.php\/centros-educativos-aller\/\" \/>\n<meta property=\"og:locale\" content=\"es_ES\" \/>\n<meta property=\"og:type\" content=\"article\" \/>\n<meta property=\"og:title\" content=\"Centros Educativos Aller - CuencasMineras.com\" \/>\n<meta property=\"og:description\" content=\"Estos son los tel\u00e9fonos y direcciones los centros educativos y\/o escuelas del concejo de Aller.\" \/>\n<meta property=\"og:url\" content=\"https:\/\/www.cuencasmineras.com\/index.php\/centros-educativos-aller\/\" \/>\n<meta property=\"article:modified_time\" content=\"2020-09-30T16:41:42+00:00\" \/>\n<meta property=\"og:image\" content=\"https:\/\/www.cuencasmineras.com\/wp-content\/uploads\/2020\/09\/unnamed.jpg\" \/>\n\t<meta property=\"og:image:width\" content=\"512\" \/>\n\t<meta property=\"og:image:height\" content=\"384\" \/>\n\t<meta property=\"og:image:type\" content=\"image\/jpeg\" \/>\n<meta name=\"twitter:card\" content=\"summary_large_image\" \/>\n<script type=\"application\/ld+json\" class=\"yoast-schema-graph\">{\"@context\":\"https:\\\/\\\/schema.org\",\"@graph\":[{\"@type\":\"WebPage\",\"@id\":\"https:\\\/\\\/www.cuencasmineras.com\\\/index.php\\\/centros-educativos-aller\\\/\",\"url\":\"https:\\\/\\\/www.cuencasmineras.com\\\/index.php\\\/centros-educativos-aller\\\/\",\"name\":\"Centros Educativos Aller - CuencasMineras.com\",\"isPartOf\":{\"@id\":\"https:\\\/\\\/www.cuencasmineras.com\\\/#website\"},\"primaryImageOfPage\":{\"@id\":\"https:\\\/\\\/www.cuencasmineras.com\\\/index.php\\\/centros-educativos-aller\\\/#primaryimage\"},\"image\":{\"@id\":\"https:\\\/\\\/www.cuencasmineras.com\\\/index.php\\\/centros-educativos-aller\\\/#primaryimage\"},\"thumbnailUrl\":\"https:\\\/\\\/www.cuencasmineras.com\\\/wp-content\\\/uploads\\\/2020\\\/09\\\/unnamed.jpg\",\"datePublished\":\"2020-09-22T20:41:52+00:00\",\"dateModified\":\"2020-09-30T16:41:42+00:00\",\"description\":\"Estos son los tel\u00e9fonos y direcciones los centros educativos y\\\/o escuelas del concejo de Aller.\",\"breadcrumb\":{\"@id\":\"https:\\\/\\\/www.cuencasmineras.com\\\/index.php\\\/centros-educativos-aller\\\/#breadcrumb\"},\"inLanguage\":\"es\",\"potentialAction\":[{\"@type\":\"ReadAction\",\"target\":[\"https:\\\/\\\/www.cuencasmineras.com\\\/index.php\\\/centros-educativos-aller\\\/\"]}]},{\"@type\":\"ImageObject\",\"inLanguage\":\"es\",\"@id\":\"https:\\\/\\\/www.cuencasmineras.com\\\/index.php\\\/centros-educativos-aller\\\/#primaryimage\",\"url\":\"https:\\\/\\\/www.cuencasmineras.com\\\/wp-content\\\/uploads\\\/2020\\\/09\\\/unnamed.jpg\",\"contentUrl\":\"https:\\\/\\\/www.cuencasmineras.com\\\/wp-content\\\/uploads\\\/2020\\\/09\\\/unnamed.jpg\",\"width\":512,\"height\":384},{\"@type\":\"BreadcrumbList\",\"@id\":\"https:\\\/\\\/www.cuencasmineras.com\\\/index.php\\\/centros-educativos-aller\\\/#breadcrumb\",\"itemListElement\":[{\"@type\":\"ListItem\",\"position\":1,\"name\":\"Portada\",\"item\":\"https:\\\/\\\/www.cuencasmineras.com\\\/\"},{\"@type\":\"ListItem\",\"position\":2,\"name\":\"Centros Educativos Aller\"}]},{\"@type\":\"WebSite\",\"@id\":\"https:\\\/\\\/www.cuencasmineras.com\\\/#website\",\"url\":\"https:\\\/\\\/www.cuencasmineras.com\\\/\",\"name\":\"\",\"description\":\"\",\"potentialAction\":[{\"@type\":\"SearchAction\",\"target\":{\"@type\":\"EntryPoint\",\"urlTemplate\":\"https:\\\/\\\/www.cuencasmineras.com\\\/?s={search_term_string}\"},\"query-input\":{\"@type\":\"PropertyValueSpecification\",\"valueRequired\":true,\"valueName\":\"search_term_string\"}}],\"inLanguage\":\"es\"}]}<\/script>\n<!-- \/ Yoast SEO plugin. -->","yoast_head_json":{"title":"Centros Educativos Aller - CuencasMineras.com","description":"Estos son los tel\u00e9fonos y direcciones los centros educativos y\/o escuelas del concejo de Aller.","robots":{"index":"index","follow":"follow","max-snippet":"max-snippet:-1","max-image-preview":"max-image-preview:large","max-video-preview":"max-video-preview:-1"},"canonical":"https:\/\/www.cuencasmineras.com\/index.php\/centros-educativos-aller\/","og_locale":"es_ES","og_type":"article","og_title":"Centros Educativos Aller - CuencasMineras.com","og_description":"Estos son los tel\u00e9fonos y direcciones los centros educativos y\/o escuelas del concejo de Aller.","og_url":"https:\/\/www.cuencasmineras.com\/index.php\/centros-educativos-aller\/","article_modified_time":"2020-09-30T16:41:42+00:00","og_image":[{"width":512,"height":384,"url":"https:\/\/www.cuencasmineras.com\/wp-content\/uploads\/2020\/09\/unnamed.jpg","type":"image\/jpeg"}],"twitter_card":"summary_large_image","schema":{"@context":"https:\/\/schema.org","@graph":[{"@type":"WebPage","@id":"https:\/\/www.cuencasmineras.com\/index.php\/centros-educativos-aller\/","url":"https:\/\/www.cuencasmineras.com\/index.php\/centros-educativos-aller\/","name":"Centros Educativos Aller - CuencasMineras.com","isPartOf":{"@id":"https:\/\/www.cuencasmineras.com\/#website"},"primaryImageOfPage":{"@id":"https:\/\/www.cuencasmineras.com\/index.php\/centros-educativos-aller\/#primaryimage"},"image":{"@id":"https:\/\/www.cuencasmineras.com\/index.php\/centros-educativos-aller\/#primaryimage"},"thumbnailUrl":"https:\/\/www.cuencasmineras.com\/wp-content\/uploads\/2020\/09\/unnamed.jpg","datePublished":"2020-09-22T20:41:52+00:00","dateModified":"2020-09-30T16:41:42+00:00","description":"Estos son los tel\u00e9fonos y direcciones los centros educativos y\/o escuelas del concejo de Aller.","breadcrumb":{"@id":"https:\/\/www.cuencasmineras.com\/index.php\/centros-educativos-aller\/#breadcrumb"},"inLanguage":"es","potentialAction":[{"@type":"ReadAction","target":["https:\/\/www.cuencasmineras.com\/index.php\/centros-educativos-aller\/"]}]},{"@type":"ImageObject","inLanguage":"es","@id":"https:\/\/www.cuencasmineras.com\/index.php\/centros-educativos-aller\/#primaryimage","url":"https:\/\/www.cuencasmineras.com\/wp-content\/uploads\/2020\/09\/unnamed.jpg","contentUrl":"https:\/\/www.cuencasmineras.com\/wp-content\/uploads\/2020\/09\/unnamed.jpg","width":512,"height":384},{"@type":"BreadcrumbList","@id":"https:\/\/www.cuencasmineras.com\/index.php\/centros-educativos-aller\/#breadcrumb","itemListElement":[{"@type":"ListItem","position":1,"name":"Portada","item":"https:\/\/www.cuencasmineras.com\/"},{"@type":"ListItem","position":2,"name":"Centros Educativos Aller"}]},{"@type":"WebSite","@id":"https:\/\/www.cuencasmineras.com\/#website","url":"https:\/\/www.cuencasmineras.com\/","name":"","description":"","potentialAction":[{"@type":"SearchAction","target":{"@type":"EntryPoint","urlTemplate":"https:\/\/www.cuencasmineras.com\/?s={search_term_string}"},"query-input":{"@type":"PropertyValueSpecification","valueRequired":true,"valueName":"search_term_string"}}],"inLanguage":"es"}]}},"_links":{"self":[{"href":"https:\/\/www.cuencasmineras.com\/index.php\/wp-json\/wp\/v2\/pages\/738","targetHints":{"allow":["GET"]}}],"collection":[{"href":"https:\/\/www.cuencasmineras.com\/index.php\/wp-json\/wp\/v2\/pages"}],"about":[{"href":"https:\/\/www.cuencasmineras.com\/index.php\/wp-json\/wp\/v2\/types\/page"}],"author":[{"embeddable":true,"href":"https:\/\/www.cuencasmineras.com\/index.php\/wp-json\/wp\/v2\/users\/1"}],"replies":[{"embeddable":true,"href":"https:\/\/www.cuencasmineras.com\/index.php\/wp-json\/wp\/v2\/comments?post=738"}],"version-history":[{"count":3,"href":"https:\/\/www.cuencasmineras.com\/index.php\/wp-json\/wp\/v2\/pages\/738\/revisions"}],"predecessor-version":[{"id":925,"href":"https:\/\/www.cuencasmineras.com\/index.php\/wp-json\/wp\/v2\/pages\/738\/revisions\/925"}],"wp:featuredmedia":[{"embeddable":true,"href":"https:\/\/www.cuencasmineras.com\/index.php\/wp-json\/wp\/v2\/media\/1045"}],"wp:attachment":[{"href":"https:\/\/www.cuencasmineras.com\/index.php\/wp-json\/wp\/v2\/media?parent=738"}],"curies":[{"name":"wp","href":"https:\/\/api.w.org\/{rel}","templated":true}]}}