{"id":740,"date":"2020-09-22T20:42:25","date_gmt":"2020-09-22T20:42:25","guid":{"rendered":"https:\/\/www.cuencasmineras.com\/?page_id=740"},"modified":"2020-09-30T16:47:12","modified_gmt":"2020-09-30T16:47:12","slug":"centros-educativos-mieres","status":"publish","type":"page","link":"https:\/\/www.cuencasmineras.com\/index.php\/centros-educativos-mieres\/","title":{"rendered":"Centros Educativos Mieres"},"content":{"rendered":"<div class=\"vc_row wpb_row vc_row-fluid directorio\">\n<div class=\"wpb_column vc_column_container vc_col-sm-8\">\n<div class=\"vc_column-inner\">\n<div class=\"wpb_wrapper\">\n<div class=\"wpb_text_column wpb_content_element \">\n<h2 class=\"wpb_wrapper\"><strong>Relaci\u00f3n de centros escolares y de educaci\u00f3n de Mieres:<\/strong><\/h2>\n<\/div>\n<ul>\n<li><a href=\"https:\/\/www.educastur.es\/directorio-de-centros?p_p_id=directoriocentros_WAR_educasturconsultasportlet&amp;p_p_lifecycle=0&amp;p_p_state=normal&amp;p_p_mode=view&amp;p_p_col_id=column-1&amp;p_p_col_pos=1&amp;p_p_col_count=3&amp;_directoriocentros_WAR_educasturconsultasportlet_mvcPath=%2Fhtml%2Fdirectoriocentros%2Fdatoscentro.jsp&amp;_directoriocentros_WAR_educasturconsultasportlet_centro_id=33010606\" target=\"_blank\" rel=\"noopener noreferrer\">CP. Las Vegas<\/a> (Figaredo)<\/li>\n<li><a href=\"https:\/\/www.educastur.es\/directorio-de-centros?p_p_id=directoriocentros_WAR_educasturconsultasportlet&amp;p_p_lifecycle=0&amp;p_p_state=normal&amp;p_p_mode=view&amp;p_p_col_id=column-1&amp;p_p_col_pos=1&amp;p_p_col_count=3&amp;_directoriocentros_WAR_educasturconsultasportlet_mvcPath=%2Fhtml%2Fdirectoriocentros%2Fdatoscentro.jsp&amp;_directoriocentros_WAR_educasturconsultasportlet_centro_id=33010621\" target=\"_blank\" rel=\"noopener noreferrer\">CP. Abla\u00f1a\/Pereda<\/a> (La Pereda)<\/li>\n<li><a href=\"https:\/\/www.educastur.es\/directorio-de-centros?p_p_id=directoriocentros_WAR_educasturconsultasportlet&amp;p_p_lifecycle=0&amp;p_p_state=normal&amp;p_p_mode=view&amp;p_p_col_id=column-1&amp;p_p_col_pos=1&amp;p_p_col_count=3&amp;_directoriocentros_WAR_educasturconsultasportlet_mvcPath=%2Fhtml%2Fdirectoriocentros%2Fdatoscentro.jsp&amp;_directoriocentros_WAR_educasturconsultasportlet_centro_id=33011180\" target=\"_blank\" rel=\"noopener noreferrer\">CP. Vega de Guceo<\/a> (Tur\u00f3n &#8211; Linares)<\/li>\n<li><a href=\"https:\/\/www.educastur.es\/directorio-de-centros?p_p_id=directoriocentros_WAR_educasturconsultasportlet&amp;p_p_lifecycle=0&amp;p_p_state=normal&amp;p_p_mode=view&amp;p_p_col_id=column-1&amp;p_p_col_pos=1&amp;p_p_col_count=3&amp;_directoriocentros_WAR_educasturconsultasportlet_mvcPath=%2Fhtml%2Fdirectoriocentros%2Fdatoscentro.jsp&amp;_directoriocentros_WAR_educasturconsultasportlet_centro_id=33021008\" target=\"_blank\" rel=\"noopener noreferrer\">Centro de educaci\u00f3n de personas adultas\u00a0<\/a> (Mieres)<\/li>\n<li><a href=\"https:\/\/www.educastur.es\/directorio-de-centros?p_p_id=directoriocentros_WAR_educasturconsultasportlet&amp;p_p_lifecycle=0&amp;p_p_state=normal&amp;p_p_mode=view&amp;p_p_col_id=column-1&amp;p_p_col_pos=1&amp;p_p_col_count=3&amp;_directoriocentros_WAR_educasturconsultasportlet_mvcPath=%2Fhtml%2Fdirectoriocentros%2Fdatoscentro.jsp&amp;_directoriocentros_WAR_educasturconsultasportlet_centro_id=33028623\" target=\"_blank\" rel=\"noopener noreferrer\">CFPE. Fundaci\u00f3n tecnol\u00f3gica y formativa en alimentaci\u00f3n<\/a> (Mieres)<\/li>\n<li><a href=\"https:\/\/www.educastur.es\/directorio-de-centros?p_p_id=directoriocentros_WAR_educasturconsultasportlet&amp;p_p_lifecycle=0&amp;p_p_state=normal&amp;p_p_mode=view&amp;p_p_col_id=column-1&amp;p_p_col_pos=1&amp;p_p_col_count=3&amp;_directoriocentros_WAR_educasturconsultasportlet_mvcPath=%2Fhtml%2Fdirectoriocentros%2Fdatoscentro.jsp&amp;_directoriocentros_WAR_educasturconsultasportlet_centro_id=33010679\" target=\"_blank\" rel=\"noopener noreferrer\">Colegio Lastra<\/a> (Mieres)<\/li>\n<li><a href=\"https:\/\/www.educastur.es\/directorio-de-centros?p_p_id=directoriocentros_WAR_educasturconsultasportlet&amp;p_p_lifecycle=0&amp;p_p_state=normal&amp;p_p_mode=view&amp;p_p_col_id=column-1&amp;p_p_col_pos=1&amp;p_p_col_count=3&amp;_directoriocentros_WAR_educasturconsultasportlet_mvcPath=%2Fhtml%2Fdirectoriocentros%2Fdatoscentro.jsp&amp;_directoriocentros_WAR_educasturconsultasportlet_centro_id=33010692\" target=\"_blank\" rel=\"noopener noreferrer\">Colegio Santo Domingo de Guzm\u00e1n<\/a> (Mieres)<\/li>\n<li><a href=\"https:\/\/www.educastur.es\/directorio-de-centros?p_p_id=directoriocentros_WAR_educasturconsultasportlet&amp;p_p_lifecycle=0&amp;p_p_state=normal&amp;p_p_mode=view&amp;p_p_col_id=column-1&amp;p_p_col_pos=1&amp;p_p_col_count=3&amp;_directoriocentros_WAR_educasturconsultasportlet_mvcPath=%2Fhtml%2Fdirectoriocentros%2Fdatoscentro.jsp&amp;_directoriocentros_WAR_educasturconsultasportlet_centro_id=33022669\" target=\"_blank\" rel=\"noopener noreferrer\">Conservatorio Municipal Elemental Musical de Mieres, Aller y Lena<\/a> (Mieres)<\/li>\n<li><a href=\"https:\/\/www.educastur.es\/directorio-de-centros?p_p_id=directoriocentros_WAR_educasturconsultasportlet&amp;p_p_lifecycle=0&amp;p_p_state=normal&amp;p_p_mode=view&amp;p_p_col_id=column-1&amp;p_p_col_pos=1&amp;p_p_col_count=3&amp;_directoriocentros_WAR_educasturconsultasportlet_mvcPath=%2Fhtml%2Fdirectoriocentros%2Fdatoscentro.jsp&amp;_directoriocentros_WAR_educasturconsultasportlet_centro_id=33010631\" target=\"_blank\" rel=\"noopener noreferrer\">CP. Aniceto Sela<\/a> (Mieres)<\/li>\n<li><a href=\"https:\/\/www.educastur.es\/directorio-de-centros?p_p_id=directoriocentros_WAR_educasturconsultasportlet&amp;p_p_lifecycle=0&amp;p_p_state=normal&amp;p_p_mode=view&amp;p_p_col_id=column-1&amp;p_p_col_pos=1&amp;p_p_col_count=3&amp;_directoriocentros_WAR_educasturconsultasportlet_mvcPath=%2Fhtml%2Fdirectoriocentros%2Fdatoscentro.jsp&amp;_directoriocentros_WAR_educasturconsultasportlet_centro_id=33010643\" target=\"_blank\" rel=\"noopener noreferrer\">CP. Liceo Mierense<\/a> (Mieres)<\/li>\n<li><a href=\"https:\/\/www.educastur.es\/directorio-de-centros?p_p_id=directoriocentros_WAR_educasturconsultasportlet&amp;p_p_lifecycle=0&amp;p_p_state=normal&amp;p_p_mode=view&amp;p_p_col_id=column-1&amp;p_p_col_pos=1&amp;p_p_col_count=3&amp;_directoriocentros_WAR_educasturconsultasportlet_mvcPath=%2Fhtml%2Fdirectoriocentros%2Fdatoscentro.jsp&amp;_directoriocentros_WAR_educasturconsultasportlet_centro_id=33027606\" target=\"_blank\" rel=\"noopener noreferrer\">CP. Ller\u00f3n\/Clar\u00edn<\/a> (Mieres)<\/li>\n<li><a href=\"https:\/\/www.educastur.es\/directorio-de-centros?p_p_id=directoriocentros_WAR_educasturconsultasportlet&amp;p_p_lifecycle=0&amp;p_p_state=normal&amp;p_p_mode=view&amp;p_p_col_id=column-1&amp;p_p_col_pos=1&amp;p_p_col_count=3&amp;_directoriocentros_WAR_educasturconsultasportlet_mvcPath=%2Fhtml%2Fdirectoriocentros%2Fdatoscentro.jsp&amp;_directoriocentros_WAR_educasturconsultasportlet_centro_id=33010680\" target=\"_blank\" rel=\"noopener noreferrer\">CP.\u00a0 Santiago Apostol<\/a> (Mieres)<\/li>\n<li><a href=\"https:\/\/www.educastur.es\/directorio-de-centros?p_p_id=directoriocentros_WAR_educasturconsultasportlet&amp;p_p_lifecycle=0&amp;p_p_state=normal&amp;p_p_mode=view&amp;p_p_col_id=column-1&amp;p_p_col_pos=1&amp;p_p_col_count=3&amp;_directoriocentros_WAR_educasturconsultasportlet_mvcPath=%2Fhtml%2Fdirectoriocentros%2Fdatoscentro.jsp&amp;_directoriocentros_WAR_educasturconsultasportlet_centro_id=33010655\" target=\"_blank\" rel=\"noopener noreferrer\">CP. Teodoro Cuesta\u00a0<\/a> (Mieres)<\/li>\n<li><a href=\"https:\/\/www.educastur.es\/directorio-de-centros?p_p_id=directoriocentros_WAR_educasturconsultasportlet&amp;p_p_lifecycle=0&amp;p_p_state=normal&amp;p_p_mode=view&amp;p_p_col_id=column-1&amp;p_p_col_pos=1&amp;p_p_col_count=3&amp;_directoriocentros_WAR_educasturconsultasportlet_mvcPath=%2Fhtml%2Fdirectoriocentros%2Fdatoscentro.jsp&amp;_directoriocentros_WAR_educasturconsultasportlet_centro_id=33027801\" target=\"_blank\" rel=\"noopener noreferrer\">Escuela de Educaci\u00f3n Infantil Les Xanes<\/a> (Mieres)<\/li>\n<li><a href=\"https:\/\/www.educastur.es\/directorio-de-centros?p_p_id=directoriocentros_WAR_educasturconsultasportlet&amp;p_p_lifecycle=0&amp;p_p_state=normal&amp;p_p_mode=view&amp;p_p_col_id=column-1&amp;p_p_col_pos=1&amp;p_p_col_count=3&amp;_directoriocentros_WAR_educasturconsultasportlet_mvcPath=%2Fhtml%2Fdirectoriocentros%2Fdatoscentro.jsp&amp;_directoriocentros_WAR_educasturconsultasportlet_centro_id=33700571\" target=\"_blank\" rel=\"noopener noreferrer\">Equipo de Orientaci\u00f3n Educativa del Caudal<\/a> (Mieres)<\/li>\n<li><a href=\"https:\/\/www.educastur.es\/directorio-de-centros?p_p_id=directoriocentros_WAR_educasturconsultasportlet&amp;p_p_lifecycle=0&amp;p_p_state=normal&amp;p_p_mode=view&amp;p_p_col_id=column-1&amp;p_p_col_pos=1&amp;p_p_col_count=3&amp;_directoriocentros_WAR_educasturconsultasportlet_mvcPath=%2Fhtml%2Fdirectoriocentros%2Fdatoscentro.jsp&amp;_directoriocentros_WAR_educasturconsultasportlet_centro_id=33023212\" target=\"_blank\" rel=\"noopener noreferrer\">Escuela Oficial de Idiomas<\/a> (Mieres)<\/li>\n<li><a href=\"https:\/\/www.educastur.es\/directorio-de-centros?p_p_id=directoriocentros_WAR_educasturconsultasportlet&amp;p_p_lifecycle=0&amp;p_p_state=normal&amp;p_p_mode=view&amp;p_p_col_id=column-1&amp;p_p_col_pos=1&amp;p_p_col_count=3&amp;_directoriocentros_WAR_educasturconsultasportlet_mvcPath=%2Fhtml%2Fdirectoriocentros%2Fdatoscentro.jsp&amp;_directoriocentros_WAR_educasturconsultasportlet_centro_id=33010722\" target=\"_blank\" rel=\"noopener noreferrer\">IES. Bernaldo de Quiros<\/a> (Mieres)<\/li>\n<li><a href=\"https:\/\/www.educastur.es\/directorio-de-centros?p_p_id=directoriocentros_WAR_educasturconsultasportlet&amp;p_p_lifecycle=0&amp;p_p_state=normal&amp;p_p_mode=view&amp;p_p_col_id=column-1&amp;p_p_col_pos=1&amp;p_p_col_count=3&amp;_directoriocentros_WAR_educasturconsultasportlet_mvcPath=%2Fhtml%2Fdirectoriocentros%2Fdatoscentro.jsp&amp;_directoriocentros_WAR_educasturconsultasportlet_centro_id=33023996\" target=\"_blank\" rel=\"noopener noreferrer\">IES. El Bat\u00e1n<\/a> (Mieres)<\/li>\n<li><a href=\"https:\/\/www.educastur.es\/directorio-de-centros?p_p_id=directoriocentros_WAR_educasturconsultasportlet&amp;p_p_lifecycle=0&amp;p_p_state=normal&amp;p_p_mode=view&amp;p_p_col_id=column-1&amp;p_p_col_pos=1&amp;p_p_col_count=3&amp;_directoriocentros_WAR_educasturconsultasportlet_mvcPath=%2Fhtml%2Fdirectoriocentros%2Fdatoscentro.jsp&amp;_directoriocentros_WAR_educasturconsultasportlet_centro_id=33010734\" target=\"_blank\" rel=\"noopener noreferrer\">IES. Sanch\u00e9z Lastra<\/a> (Mieres)<\/li>\n<li><a href=\"https:\/\/www.educastur.es\/directorio-de-centros?p_p_id=directoriocentros_WAR_educasturconsultasportlet&amp;p_p_lifecycle=0&amp;p_p_state=normal&amp;p_p_mode=view&amp;p_p_col_id=column-1&amp;p_p_col_pos=1&amp;p_p_col_count=3&amp;_directoriocentros_WAR_educasturconsultasportlet_mvcPath=%2Fhtml%2Fdirectoriocentros%2Fdatoscentro.jsp&amp;_directoriocentros_WAR_educasturconsultasportlet_centro_id=33011064\" target=\"_blank\" rel=\"noopener noreferrer\">IES. Valle del Tur\u00f3n<\/a> (Tur\u00f3n)<\/li>\n<li><a href=\"https:\/\/www.educastur.es\/directorio-de-centros?p_p_id=directoriocentros_WAR_educasturconsultasportlet&amp;p_p_lifecycle=0&amp;p_p_state=normal&amp;p_p_mode=view&amp;p_p_col_id=column-1&amp;p_p_col_pos=1&amp;p_p_col_count=3&amp;_directoriocentros_WAR_educasturconsultasportlet_mvcPath=%2Fhtml%2Fdirectoriocentros%2Fdatoscentro.jsp&amp;_directoriocentros_WAR_educasturconsultasportlet_centro_id=33010953\" target=\"_blank\" rel=\"noopener noreferrer\">CP. Rioturbio<\/a> (Rioturbio)<\/li>\n<li><a href=\"https:\/\/www.educastur.es\/directorio-de-centros?p_p_id=directoriocentros_WAR_educasturconsultasportlet&amp;p_p_lifecycle=0&amp;p_p_state=normal&amp;p_p_mode=view&amp;p_p_col_id=column-1&amp;p_p_col_pos=1&amp;p_p_col_count=3&amp;_directoriocentros_WAR_educasturconsultasportlet_mvcPath=%2Fhtml%2Fdirectoriocentros%2Fdatoscentro.jsp&amp;_directoriocentros_WAR_educasturconsultasportlet_centro_id=33011015\" target=\"_blank\" rel=\"noopener noreferrer\">Colegio de Educaci\u00f3n Especial<\/a> (Santullano)<\/li>\n<li><a href=\"https:\/\/www.educastur.es\/directorio-de-centros?p_p_id=directoriocentros_WAR_educasturconsultasportlet&amp;p_p_lifecycle=0&amp;p_p_state=normal&amp;p_p_mode=view&amp;p_p_col_id=column-1&amp;p_p_col_pos=1&amp;p_p_col_count=3&amp;_directoriocentros_WAR_educasturconsultasportlet_mvcPath=%2Fhtml%2Fdirectoriocentros%2Fdatoscentro.jsp&amp;_directoriocentros_WAR_educasturconsultasportlet_centro_id=33011222\" target=\"_blank\" rel=\"noopener noreferrer\">Colegio La Salle<\/a> (Ujo)<\/li>\n<li><a href=\"https:\/\/www.educastur.es\/directorio-de-centros?p_p_id=directoriocentros_WAR_educasturconsultasportlet&amp;p_p_lifecycle=0&amp;p_p_state=normal&amp;p_p_mode=view&amp;p_p_col_id=column-1&amp;p_p_col_pos=1&amp;p_p_col_count=3&amp;_directoriocentros_WAR_educasturconsultasportlet_mvcPath=%2Fhtml%2Fdirectoriocentros%2Fdatoscentro.jsp&amp;_directoriocentros_WAR_educasturconsultasportlet_centro_id=33020156\" target=\"_blank\" rel=\"noopener noreferrer\">CP. Santa Eulalia<\/a> (Ujo)<\/li>\n<li><a href=\"https:\/\/www.educastur.es\/directorio-de-centros?p_p_id=directoriocentros_WAR_educasturconsultasportlet&amp;p_p_lifecycle=0&amp;p_p_state=normal&amp;p_p_mode=view&amp;p_p_col_id=column-1&amp;p_p_col_pos=1&amp;p_p_col_count=3&amp;_directoriocentros_WAR_educasturconsultasportlet_mvcPath=%2Fhtml%2Fdirectoriocentros%2Fdatoscentro.jsp&amp;_directoriocentros_WAR_educasturconsultasportlet_centro_id=33011209\" target=\"_blank\" rel=\"noopener noreferrer\">CP. Villapendi<\/a> (Tur\u00f3n)<\/li>\n<\/ul>\n<\/div>\n<\/div>\n<\/div>\n<\/div>\n<div class=\"vc_row wpb_row vc_row-fluid directorio\">\n<div class=\"wpb_column vc_column_container vc_col-sm-4\">\n<div class=\"vc_column-inner\">\n<div class=\"wpb_wrapper\">\n<div class=\"vc_row wpb_row vc_inner vc_row-fluid\">\n<div class=\"wpb_column vc_column_container vc_col-sm-6\">\n<div class=\"vc_column-inner\">\n<div class=\"wpb_wrapper\"><\/div>\n<\/div>\n<\/div>\n<\/div>\n<\/div>\n<\/div>\n<\/div>\n<\/div>\n","protected":false},"excerpt":{"rendered":"<p>Relaci\u00f3n de centros escolares y de educaci\u00f3n de Mieres: CP. Las Vegas (Figaredo) CP. Abla\u00f1a\/Pereda (La Pereda) CP. Vega de Guceo (Tur\u00f3n &#8211; Linares) Centro de educaci\u00f3n de personas adultas\u00a0 (Mieres) CFPE. Fundaci\u00f3n tecnol\u00f3gica y formativa en alimentaci\u00f3n (Mieres) Colegio Lastra (Mieres) Colegio Santo Domingo de Guzm\u00e1n (Mieres) Conservatorio Municipal Elemental Musical de Mieres, Aller [&hellip;]<\/p>\n","protected":false},"author":1,"featured_media":1049,"parent":0,"menu_order":0,"comment_status":"closed","ping_status":"closed","template":"","meta":{"footnotes":""},"class_list":["post-740","page","type-page","status-publish","has-post-thumbnail","hentry"],"yoast_head":"<!-- This site is optimized with the Yoast SEO plugin v27.4 - https:\/\/yoast.com\/product\/yoast-seo-wordpress\/ -->\n<title>Centros Educativos Mieres - CuencasMineras.com<\/title>\n<meta name=\"description\" content=\"Estos son los tel\u00e9fonos y direcciones los centros educativos y\/o escuelas del concejo de Mieres.\" \/>\n<meta name=\"robots\" content=\"index, follow, max-snippet:-1, max-image-preview:large, max-video-preview:-1\" \/>\n<link rel=\"canonical\" href=\"https:\/\/www.cuencasmineras.com\/index.php\/centros-educativos-mieres\/\" \/>\n<meta property=\"og:locale\" content=\"es_ES\" \/>\n<meta property=\"og:type\" content=\"article\" \/>\n<meta property=\"og:title\" content=\"Centros Educativos Mieres - CuencasMineras.com\" \/>\n<meta property=\"og:description\" content=\"Estos son los tel\u00e9fonos y direcciones los centros educativos y\/o escuelas del concejo de Mieres.\" \/>\n<meta property=\"og:url\" content=\"https:\/\/www.cuencasmineras.com\/index.php\/centros-educativos-mieres\/\" \/>\n<meta property=\"article:modified_time\" content=\"2020-09-30T16:47:12+00:00\" \/>\n<meta property=\"og:image\" content=\"https:\/\/www.cuencasmineras.com\/wp-content\/uploads\/2020\/09\/FOTO-IES-EL-BATAN.png\" \/>\n\t<meta property=\"og:image:width\" content=\"400\" \/>\n\t<meta property=\"og:image:height\" content=\"268\" \/>\n\t<meta property=\"og:image:type\" content=\"image\/png\" \/>\n<meta name=\"twitter:card\" content=\"summary_large_image\" \/>\n<meta name=\"twitter:label1\" content=\"Tiempo de lectura\" \/>\n\t<meta name=\"twitter:data1\" content=\"1 minuto\" \/>\n<script type=\"application\/ld+json\" class=\"yoast-schema-graph\">{\"@context\":\"https:\\\/\\\/schema.org\",\"@graph\":[{\"@type\":\"WebPage\",\"@id\":\"https:\\\/\\\/www.cuencasmineras.com\\\/index.php\\\/centros-educativos-mieres\\\/\",\"url\":\"https:\\\/\\\/www.cuencasmineras.com\\\/index.php\\\/centros-educativos-mieres\\\/\",\"name\":\"Centros Educativos Mieres - CuencasMineras.com\",\"isPartOf\":{\"@id\":\"https:\\\/\\\/www.cuencasmineras.com\\\/#website\"},\"primaryImageOfPage\":{\"@id\":\"https:\\\/\\\/www.cuencasmineras.com\\\/index.php\\\/centros-educativos-mieres\\\/#primaryimage\"},\"image\":{\"@id\":\"https:\\\/\\\/www.cuencasmineras.com\\\/index.php\\\/centros-educativos-mieres\\\/#primaryimage\"},\"thumbnailUrl\":\"https:\\\/\\\/www.cuencasmineras.com\\\/wp-content\\\/uploads\\\/2020\\\/09\\\/FOTO-IES-EL-BATAN.png\",\"datePublished\":\"2020-09-22T20:42:25+00:00\",\"dateModified\":\"2020-09-30T16:47:12+00:00\",\"description\":\"Estos son los tel\u00e9fonos y direcciones los centros educativos y\\\/o escuelas del concejo de Mieres.\",\"breadcrumb\":{\"@id\":\"https:\\\/\\\/www.cuencasmineras.com\\\/index.php\\\/centros-educativos-mieres\\\/#breadcrumb\"},\"inLanguage\":\"es\",\"potentialAction\":[{\"@type\":\"ReadAction\",\"target\":[\"https:\\\/\\\/www.cuencasmineras.com\\\/index.php\\\/centros-educativos-mieres\\\/\"]}]},{\"@type\":\"ImageObject\",\"inLanguage\":\"es\",\"@id\":\"https:\\\/\\\/www.cuencasmineras.com\\\/index.php\\\/centros-educativos-mieres\\\/#primaryimage\",\"url\":\"https:\\\/\\\/www.cuencasmineras.com\\\/wp-content\\\/uploads\\\/2020\\\/09\\\/FOTO-IES-EL-BATAN.png\",\"contentUrl\":\"https:\\\/\\\/www.cuencasmineras.com\\\/wp-content\\\/uploads\\\/2020\\\/09\\\/FOTO-IES-EL-BATAN.png\",\"width\":400,\"height\":268},{\"@type\":\"BreadcrumbList\",\"@id\":\"https:\\\/\\\/www.cuencasmineras.com\\\/index.php\\\/centros-educativos-mieres\\\/#breadcrumb\",\"itemListElement\":[{\"@type\":\"ListItem\",\"position\":1,\"name\":\"Portada\",\"item\":\"https:\\\/\\\/www.cuencasmineras.com\\\/\"},{\"@type\":\"ListItem\",\"position\":2,\"name\":\"Centros Educativos Mieres\"}]},{\"@type\":\"WebSite\",\"@id\":\"https:\\\/\\\/www.cuencasmineras.com\\\/#website\",\"url\":\"https:\\\/\\\/www.cuencasmineras.com\\\/\",\"name\":\"\",\"description\":\"\",\"potentialAction\":[{\"@type\":\"SearchAction\",\"target\":{\"@type\":\"EntryPoint\",\"urlTemplate\":\"https:\\\/\\\/www.cuencasmineras.com\\\/?s={search_term_string}\"},\"query-input\":{\"@type\":\"PropertyValueSpecification\",\"valueRequired\":true,\"valueName\":\"search_term_string\"}}],\"inLanguage\":\"es\"}]}<\/script>\n<!-- \/ Yoast SEO plugin. -->","yoast_head_json":{"title":"Centros Educativos Mieres - CuencasMineras.com","description":"Estos son los tel\u00e9fonos y direcciones los centros educativos y\/o escuelas del concejo de Mieres.","robots":{"index":"index","follow":"follow","max-snippet":"max-snippet:-1","max-image-preview":"max-image-preview:large","max-video-preview":"max-video-preview:-1"},"canonical":"https:\/\/www.cuencasmineras.com\/index.php\/centros-educativos-mieres\/","og_locale":"es_ES","og_type":"article","og_title":"Centros Educativos Mieres - CuencasMineras.com","og_description":"Estos son los tel\u00e9fonos y direcciones los centros educativos y\/o escuelas del concejo de Mieres.","og_url":"https:\/\/www.cuencasmineras.com\/index.php\/centros-educativos-mieres\/","article_modified_time":"2020-09-30T16:47:12+00:00","og_image":[{"width":400,"height":268,"url":"https:\/\/www.cuencasmineras.com\/wp-content\/uploads\/2020\/09\/FOTO-IES-EL-BATAN.png","type":"image\/png"}],"twitter_card":"summary_large_image","twitter_misc":{"Tiempo de lectura":"1 minuto"},"schema":{"@context":"https:\/\/schema.org","@graph":[{"@type":"WebPage","@id":"https:\/\/www.cuencasmineras.com\/index.php\/centros-educativos-mieres\/","url":"https:\/\/www.cuencasmineras.com\/index.php\/centros-educativos-mieres\/","name":"Centros Educativos Mieres - CuencasMineras.com","isPartOf":{"@id":"https:\/\/www.cuencasmineras.com\/#website"},"primaryImageOfPage":{"@id":"https:\/\/www.cuencasmineras.com\/index.php\/centros-educativos-mieres\/#primaryimage"},"image":{"@id":"https:\/\/www.cuencasmineras.com\/index.php\/centros-educativos-mieres\/#primaryimage"},"thumbnailUrl":"https:\/\/www.cuencasmineras.com\/wp-content\/uploads\/2020\/09\/FOTO-IES-EL-BATAN.png","datePublished":"2020-09-22T20:42:25+00:00","dateModified":"2020-09-30T16:47:12+00:00","description":"Estos son los tel\u00e9fonos y direcciones los centros educativos y\/o escuelas del concejo de Mieres.","breadcrumb":{"@id":"https:\/\/www.cuencasmineras.com\/index.php\/centros-educativos-mieres\/#breadcrumb"},"inLanguage":"es","potentialAction":[{"@type":"ReadAction","target":["https:\/\/www.cuencasmineras.com\/index.php\/centros-educativos-mieres\/"]}]},{"@type":"ImageObject","inLanguage":"es","@id":"https:\/\/www.cuencasmineras.com\/index.php\/centros-educativos-mieres\/#primaryimage","url":"https:\/\/www.cuencasmineras.com\/wp-content\/uploads\/2020\/09\/FOTO-IES-EL-BATAN.png","contentUrl":"https:\/\/www.cuencasmineras.com\/wp-content\/uploads\/2020\/09\/FOTO-IES-EL-BATAN.png","width":400,"height":268},{"@type":"BreadcrumbList","@id":"https:\/\/www.cuencasmineras.com\/index.php\/centros-educativos-mieres\/#breadcrumb","itemListElement":[{"@type":"ListItem","position":1,"name":"Portada","item":"https:\/\/www.cuencasmineras.com\/"},{"@type":"ListItem","position":2,"name":"Centros Educativos Mieres"}]},{"@type":"WebSite","@id":"https:\/\/www.cuencasmineras.com\/#website","url":"https:\/\/www.cuencasmineras.com\/","name":"","description":"","potentialAction":[{"@type":"SearchAction","target":{"@type":"EntryPoint","urlTemplate":"https:\/\/www.cuencasmineras.com\/?s={search_term_string}"},"query-input":{"@type":"PropertyValueSpecification","valueRequired":true,"valueName":"search_term_string"}}],"inLanguage":"es"}]}},"_links":{"self":[{"href":"https:\/\/www.cuencasmineras.com\/index.php\/wp-json\/wp\/v2\/pages\/740","targetHints":{"allow":["GET"]}}],"collection":[{"href":"https:\/\/www.cuencasmineras.com\/index.php\/wp-json\/wp\/v2\/pages"}],"about":[{"href":"https:\/\/www.cuencasmineras.com\/index.php\/wp-json\/wp\/v2\/types\/page"}],"author":[{"embeddable":true,"href":"https:\/\/www.cuencasmineras.com\/index.php\/wp-json\/wp\/v2\/users\/1"}],"replies":[{"embeddable":true,"href":"https:\/\/www.cuencasmineras.com\/index.php\/wp-json\/wp\/v2\/comments?post=740"}],"version-history":[{"count":6,"href":"https:\/\/www.cuencasmineras.com\/index.php\/wp-json\/wp\/v2\/pages\/740\/revisions"}],"predecessor-version":[{"id":919,"href":"https:\/\/www.cuencasmineras.com\/index.php\/wp-json\/wp\/v2\/pages\/740\/revisions\/919"}],"wp:featuredmedia":[{"embeddable":true,"href":"https:\/\/www.cuencasmineras.com\/index.php\/wp-json\/wp\/v2\/media\/1049"}],"wp:attachment":[{"href":"https:\/\/www.cuencasmineras.com\/index.php\/wp-json\/wp\/v2\/media?parent=740"}],"curies":[{"name":"wp","href":"https:\/\/api.w.org\/{rel}","templated":true}]}}